{"id":1372,"date":"2026-05-02T23:39:29","date_gmt":"2026-05-02T21:39:29","guid":{"rendered":"https:\/\/kompetenznetzwerk-vietnam.de\/?post_type=event&#038;p=1372"},"modified":"2026-05-02T23:39:32","modified_gmt":"2026-05-02T21:39:32","slug":"infoveranstaltung-sprachfoerderung-im-mehrsprachigen-umfeld-auf-vietnamesisch","status":"publish","type":"event","link":"https:\/\/kompetenznetzwerk-vietnam.de\/vi\/events\/event\/infoveranstaltung-sprachfoerderung-im-mehrsprachigen-umfeld-auf-vietnamesisch\/","title":{"rendered":"Infoveranstaltung: Sprachf\u00f6rderung im mehrsprachigen Umfeld (auf Vietnamesisch)"},"content":{"rendered":"\n<p>Im Begegnungs- und Beratungszentrum FLAT-FAMILY findet monatlich eine Infoveranstaltung auf Vietnamesisch statt, die den Teilnehmenden einen einfachen Zugang zu n\u00fctzlichen Informationen erm\u00f6glichen soll.<\/p>\n\n\n\n<p>Im Mai geht es um <strong>Mehrsprachigkeit bei Kindern.<\/strong><\/p>\n\n\n\n<ul class=\"wp-block-list\">\n<li>Die Rolle der Familiensprache f\u00fcr Bindung, emotionale Entwicklung und<br>Identit\u00e4tsbildung<\/li>\n\n\n\n<li>Sprachf\u00f6rderung im Familienalltag<\/li>\n\n\n\n<li>Anzeichen f\u00fcr Unterst\u00fctzungsbedarf und Anlaufstellen<\/li>\n<\/ul>\n\n\n\n<p>Als Referentin ist Frau Giang Thierbach, Mitgr\u00fcnderin der Elterninitiative \u201eSprachcaf\u00e9<br>Vietnamesisch\u201c eingeladen.<br><strong>Anmeldung (verpflichtend, bis zum 16.05.2026):<\/strong><br><strong>\ud83d\udcde 0157 80 50 60 49 \ud83d\udce7amif@abw-berlin.de<\/strong><br><\/p>\n\n\n\n<p>Ein Informationsflyer zum Aushang oder zur Weitergabe steht auf <strong><mark style=\"background-color:rgba(0, 0, 0, 0)\" class=\"has-inline-color has-vivid-cyan-blue-color\"><a href=\"https:\/\/kompetenznetzwerk-vietnam.de\/download\/1366\/?tmstv=1777757547\" target=\"_blank\" rel=\"noreferrer noopener\">Deutsch <\/a><\/mark><\/strong>und <strong><mark style=\"background-color:rgba(0, 0, 0, 0)\" class=\"has-inline-color has-vivid-cyan-blue-color\"><a href=\"https:\/\/kompetenznetzwerk-vietnam.de\/download\/1369\/?tmstv=1777757443\" target=\"_blank\" rel=\"noreferrer noopener\">Vietnamesisch <\/a><\/mark><\/strong>zum Download bereit.<br><\/p>\n\n\n\n<figure class=\"wp-block-image size-large\"><img loading=\"lazy\" decoding=\"async\" width=\"724\" height=\"1024\" src=\"https:\/\/kompetenznetzwerk-vietnam.de\/wp-content\/uploads\/2026\/05\/2026-05-19-Sprachfoerderung-Flyer-vn-724x1024.png\" alt=\"\" class=\"wp-image-1375\" srcset=\"https:\/\/kompetenznetzwerk-vietnam.de\/wp-content\/uploads\/2026\/05\/2026-05-19-Sprachfoerderung-Flyer-vn-724x1024.png 724w, https:\/\/kompetenznetzwerk-vietnam.de\/wp-content\/uploads\/2026\/05\/2026-05-19-Sprachfoerderung-Flyer-vn-325x460.png 325w, https:\/\/kompetenznetzwerk-vietnam.de\/wp-content\/uploads\/2026\/05\/2026-05-19-Sprachfoerderung-Flyer-vn-276x390.png 276w, https:\/\/kompetenznetzwerk-vietnam.de\/wp-content\/uploads\/2026\/05\/2026-05-19-Sprachfoerderung-Flyer-vn-768x1086.png 768w, https:\/\/kompetenznetzwerk-vietnam.de\/wp-content\/uploads\/2026\/05\/2026-05-19-Sprachfoerderung-Flyer-vn-1086x1536.png 1086w, https:\/\/kompetenznetzwerk-vietnam.de\/wp-content\/uploads\/2026\/05\/2026-05-19-Sprachfoerderung-Flyer-vn.png 1414w\" sizes=\"auto, (max-width: 724px) 100vw, 724px\" \/><\/figure>\n","protected":false},"excerpt":{"rendered":"<p>Im Begegnungs- und Beratungszentrum FLAT-FAMILY findet monatlich eine Infoveranstaltung auf Vietnamesisch statt, die den Teilnehmenden einen einfachen Zugang zu n\u00fctzlichen Informationen erm\u00f6glichen soll. Im Mai geht es um Mehrsprachigkeit bei Kindern. Als Referentin ist Frau Giang Thierbach, Mitgr\u00fcnderin der Elterninitiative \u201eSprachcaf\u00e9Vietnamesisch\u201c eingeladen.Anmeldung (verpflichtend, bis zum 16.05.2026):\ud83d\udcde 0157 80 50 60 49 \ud83d\udce7amif@abw-berlin.de Ein Informationsflyer zum<\/p>\n","protected":false},"author":2,"template":"","meta":{"_acf_changed":false},"event-venue":[16],"class_list":["post-1372","event","type-event","status-publish","hentry","event-venue-flat-family","event-category-zugewanderte"],"acf":[],"yoast_head":"<!-- This site is optimized with the Yoast SEO plugin v27.5 - https:\/\/yoast.com\/product\/yoast-seo-wordpress\/ -->\n<title>Infoveranstaltung: Sprachf\u00f6rderung im mehrsprachigen Umfeld (auf Vietnamesisch) - KNV - Kompetenznetzwerk Vietnam<\/title>\n<meta name=\"robots\" content=\"index, follow, max-snippet:-1, max-image-preview:large, max-video-preview:-1\" \/>\n<link rel=\"canonical\" href=\"https:\/\/kompetenznetzwerk-vietnam.de\/vi\/events\/event\/infoveranstaltung-sprachfoerderung-im-mehrsprachigen-umfeld-auf-vietnamesisch\/\" \/>\n<meta property=\"og:locale\" content=\"vi_VN\" \/>\n<meta property=\"og:type\" content=\"article\" \/>\n<meta property=\"og:title\" content=\"Infoveranstaltung: Sprachf\u00f6rderung im mehrsprachigen Umfeld (auf Vietnamesisch) - KNV - Kompetenznetzwerk Vietnam\" \/>\n<meta property=\"og:description\" content=\"Im Begegnungs- und Beratungszentrum FLAT-FAMILY findet monatlich eine Infoveranstaltung auf Vietnamesisch statt, die den Teilnehmenden einen einfachen Zugang zu n\u00fctzlichen Informationen erm\u00f6glichen soll. Im Mai geht es um Mehrsprachigkeit bei Kindern. Als Referentin ist Frau Giang Thierbach, Mitgr\u00fcnderin der Elterninitiative \u201eSprachcaf\u00e9Vietnamesisch\u201c eingeladen.Anmeldung (verpflichtend, bis zum 16.05.2026):\ud83d\udcde 0157 80 50 60 49 \ud83d\udce7amif@abw-berlin.de Ein Informationsflyer zum\" \/>\n<meta property=\"og:url\" content=\"https:\/\/kompetenznetzwerk-vietnam.de\/vi\/events\/event\/infoveranstaltung-sprachfoerderung-im-mehrsprachigen-umfeld-auf-vietnamesisch\/\" \/>\n<meta property=\"og:site_name\" content=\"KNV - Kompetenznetzwerk Vietnam\" \/>\n<meta property=\"article:modified_time\" content=\"2026-05-02T21:39:32+00:00\" \/>\n<meta property=\"og:image\" content=\"https:\/\/kompetenznetzwerk-vietnam.de\/wp-content\/uploads\/2026\/05\/2026-05-19-Sprachfoerderung-Flyer-vn.png\" \/>\n\t<meta property=\"og:image:width\" content=\"1414\" \/>\n\t<meta property=\"og:image:height\" content=\"2000\" \/>\n\t<meta property=\"og:image:type\" content=\"image\/png\" \/>\n<meta name=\"twitter:card\" content=\"summary_large_image\" \/>\n<meta name=\"twitter:label1\" content=\"\u01af\u1edbc t\u00ednh th\u1eddi gian \u0111\u1ecdc\" \/>\n\t<meta name=\"twitter:data1\" content=\"1 ph\u00fat\" \/>\n<script type=\"application\/ld+json\" class=\"yoast-schema-graph\">{\"@context\":\"https:\\\/\\\/schema.org\",\"@graph\":[{\"@type\":\"WebPage\",\"@id\":\"https:\\\/\\\/kompetenznetzwerk-vietnam.de\\\/vi\\\/events\\\/event\\\/infoveranstaltung-sprachfoerderung-im-mehrsprachigen-umfeld-auf-vietnamesisch\\\/\",\"url\":\"https:\\\/\\\/kompetenznetzwerk-vietnam.de\\\/vi\\\/events\\\/event\\\/infoveranstaltung-sprachfoerderung-im-mehrsprachigen-umfeld-auf-vietnamesisch\\\/\",\"name\":\"Infoveranstaltung: Sprachf\u00f6rderung im mehrsprachigen Umfeld (auf Vietnamesisch) - KNV - Kompetenznetzwerk Vietnam\",\"isPartOf\":{\"@id\":\"https:\\\/\\\/kompetenznetzwerk-vietnam.de\\\/vi\\\/#website\"},\"primaryImageOfPage\":{\"@id\":\"https:\\\/\\\/kompetenznetzwerk-vietnam.de\\\/vi\\\/events\\\/event\\\/infoveranstaltung-sprachfoerderung-im-mehrsprachigen-umfeld-auf-vietnamesisch\\\/#primaryimage\"},\"image\":{\"@id\":\"https:\\\/\\\/kompetenznetzwerk-vietnam.de\\\/vi\\\/events\\\/event\\\/infoveranstaltung-sprachfoerderung-im-mehrsprachigen-umfeld-auf-vietnamesisch\\\/#primaryimage\"},\"thumbnailUrl\":\"https:\\\/\\\/kompetenznetzwerk-vietnam.de\\\/wp-content\\\/uploads\\\/2026\\\/05\\\/2026-05-19-Sprachfoerderung-Flyer-vn-724x1024.png\",\"datePublished\":\"2026-05-02T21:39:29+00:00\",\"dateModified\":\"2026-05-02T21:39:32+00:00\",\"breadcrumb\":{\"@id\":\"https:\\\/\\\/kompetenznetzwerk-vietnam.de\\\/vi\\\/events\\\/event\\\/infoveranstaltung-sprachfoerderung-im-mehrsprachigen-umfeld-auf-vietnamesisch\\\/#breadcrumb\"},\"inLanguage\":\"vi\",\"potentialAction\":[{\"@type\":\"ReadAction\",\"target\":[\"https:\\\/\\\/kompetenznetzwerk-vietnam.de\\\/vi\\\/events\\\/event\\\/infoveranstaltung-sprachfoerderung-im-mehrsprachigen-umfeld-auf-vietnamesisch\\\/\"]}]},{\"@type\":\"ImageObject\",\"inLanguage\":\"vi\",\"@id\":\"https:\\\/\\\/kompetenznetzwerk-vietnam.de\\\/vi\\\/events\\\/event\\\/infoveranstaltung-sprachfoerderung-im-mehrsprachigen-umfeld-auf-vietnamesisch\\\/#primaryimage\",\"url\":\"https:\\\/\\\/kompetenznetzwerk-vietnam.de\\\/wp-content\\\/uploads\\\/2026\\\/05\\\/2026-05-19-Sprachfoerderung-Flyer-vn-724x1024.png\",\"contentUrl\":\"https:\\\/\\\/kompetenznetzwerk-vietnam.de\\\/wp-content\\\/uploads\\\/2026\\\/05\\\/2026-05-19-Sprachfoerderung-Flyer-vn-724x1024.png\"},{\"@type\":\"BreadcrumbList\",\"@id\":\"https:\\\/\\\/kompetenznetzwerk-vietnam.de\\\/vi\\\/events\\\/event\\\/infoveranstaltung-sprachfoerderung-im-mehrsprachigen-umfeld-auf-vietnamesisch\\\/#breadcrumb\",\"itemListElement\":[{\"@type\":\"ListItem\",\"position\":1,\"name\":\"Home\",\"item\":\"https:\\\/\\\/kompetenznetzwerk-vietnam.de\\\/vi\\\/\"},{\"@type\":\"ListItem\",\"position\":2,\"name\":\"Kalender\",\"item\":\"https:\\\/\\\/kompetenznetzwerk-vietnam.de\\\/vi\\\/events\\\/event\\\/\"},{\"@type\":\"ListItem\",\"position\":3,\"name\":\"F\u00fcr Zugewanderte\",\"item\":\"https:\\\/\\\/kompetenznetzwerk-vietnam.de\\\/vi\\\/events\\\/category\\\/zugewanderte\\\/\"},{\"@type\":\"ListItem\",\"position\":4,\"name\":\"Infoveranstaltung: Sprachf\u00f6rderung im mehrsprachigen Umfeld (auf Vietnamesisch)\"}]},{\"@type\":\"WebSite\",\"@id\":\"https:\\\/\\\/kompetenznetzwerk-vietnam.de\\\/vi\\\/#website\",\"url\":\"https:\\\/\\\/kompetenznetzwerk-vietnam.de\\\/vi\\\/\",\"name\":\"KNV - Kompetenznetzwerk Vietnam\",\"description\":\"\",\"potentialAction\":[{\"@type\":\"SearchAction\",\"target\":{\"@type\":\"EntryPoint\",\"urlTemplate\":\"https:\\\/\\\/kompetenznetzwerk-vietnam.de\\\/vi\\\/?s={search_term_string}\"},\"query-input\":{\"@type\":\"PropertyValueSpecification\",\"valueRequired\":true,\"valueName\":\"search_term_string\"}}],\"inLanguage\":\"vi\"}]}<\/script>\n<!-- \/ Yoast SEO plugin. -->","yoast_head_json":{"title":"Infoveranstaltung: Sprachf\u00f6rderung im mehrsprachigen Umfeld (auf Vietnamesisch) - KNV - Kompetenznetzwerk Vietnam","robots":{"index":"index","follow":"follow","max-snippet":"max-snippet:-1","max-image-preview":"max-image-preview:large","max-video-preview":"max-video-preview:-1"},"canonical":"https:\/\/kompetenznetzwerk-vietnam.de\/vi\/events\/event\/infoveranstaltung-sprachfoerderung-im-mehrsprachigen-umfeld-auf-vietnamesisch\/","og_locale":"vi_VN","og_type":"article","og_title":"Infoveranstaltung: Sprachf\u00f6rderung im mehrsprachigen Umfeld (auf Vietnamesisch) - KNV - Kompetenznetzwerk Vietnam","og_description":"Im Begegnungs- und Beratungszentrum FLAT-FAMILY findet monatlich eine Infoveranstaltung auf Vietnamesisch statt, die den Teilnehmenden einen einfachen Zugang zu n\u00fctzlichen Informationen erm\u00f6glichen soll. Im Mai geht es um Mehrsprachigkeit bei Kindern. Als Referentin ist Frau Giang Thierbach, Mitgr\u00fcnderin der Elterninitiative \u201eSprachcaf\u00e9Vietnamesisch\u201c eingeladen.Anmeldung (verpflichtend, bis zum 16.05.2026):\ud83d\udcde 0157 80 50 60 49 \ud83d\udce7amif@abw-berlin.de Ein Informationsflyer zum","og_url":"https:\/\/kompetenznetzwerk-vietnam.de\/vi\/events\/event\/infoveranstaltung-sprachfoerderung-im-mehrsprachigen-umfeld-auf-vietnamesisch\/","og_site_name":"KNV - Kompetenznetzwerk Vietnam","article_modified_time":"2026-05-02T21:39:32+00:00","og_image":[{"width":1414,"height":2000,"url":"https:\/\/kompetenznetzwerk-vietnam.de\/wp-content\/uploads\/2026\/05\/2026-05-19-Sprachfoerderung-Flyer-vn.png","type":"image\/png"}],"twitter_card":"summary_large_image","twitter_misc":{"\u01af\u1edbc t\u00ednh th\u1eddi gian \u0111\u1ecdc":"1 ph\u00fat"},"schema":{"@context":"https:\/\/schema.org","@graph":[{"@type":"WebPage","@id":"https:\/\/kompetenznetzwerk-vietnam.de\/vi\/events\/event\/infoveranstaltung-sprachfoerderung-im-mehrsprachigen-umfeld-auf-vietnamesisch\/","url":"https:\/\/kompetenznetzwerk-vietnam.de\/vi\/events\/event\/infoveranstaltung-sprachfoerderung-im-mehrsprachigen-umfeld-auf-vietnamesisch\/","name":"Infoveranstaltung: Sprachf\u00f6rderung im mehrsprachigen Umfeld (auf Vietnamesisch) - KNV - Kompetenznetzwerk Vietnam","isPartOf":{"@id":"https:\/\/kompetenznetzwerk-vietnam.de\/vi\/#website"},"primaryImageOfPage":{"@id":"https:\/\/kompetenznetzwerk-vietnam.de\/vi\/events\/event\/infoveranstaltung-sprachfoerderung-im-mehrsprachigen-umfeld-auf-vietnamesisch\/#primaryimage"},"image":{"@id":"https:\/\/kompetenznetzwerk-vietnam.de\/vi\/events\/event\/infoveranstaltung-sprachfoerderung-im-mehrsprachigen-umfeld-auf-vietnamesisch\/#primaryimage"},"thumbnailUrl":"https:\/\/kompetenznetzwerk-vietnam.de\/wp-content\/uploads\/2026\/05\/2026-05-19-Sprachfoerderung-Flyer-vn-724x1024.png","datePublished":"2026-05-02T21:39:29+00:00","dateModified":"2026-05-02T21:39:32+00:00","breadcrumb":{"@id":"https:\/\/kompetenznetzwerk-vietnam.de\/vi\/events\/event\/infoveranstaltung-sprachfoerderung-im-mehrsprachigen-umfeld-auf-vietnamesisch\/#breadcrumb"},"inLanguage":"vi","potentialAction":[{"@type":"ReadAction","target":["https:\/\/kompetenznetzwerk-vietnam.de\/vi\/events\/event\/infoveranstaltung-sprachfoerderung-im-mehrsprachigen-umfeld-auf-vietnamesisch\/"]}]},{"@type":"ImageObject","inLanguage":"vi","@id":"https:\/\/kompetenznetzwerk-vietnam.de\/vi\/events\/event\/infoveranstaltung-sprachfoerderung-im-mehrsprachigen-umfeld-auf-vietnamesisch\/#primaryimage","url":"https:\/\/kompetenznetzwerk-vietnam.de\/wp-content\/uploads\/2026\/05\/2026-05-19-Sprachfoerderung-Flyer-vn-724x1024.png","contentUrl":"https:\/\/kompetenznetzwerk-vietnam.de\/wp-content\/uploads\/2026\/05\/2026-05-19-Sprachfoerderung-Flyer-vn-724x1024.png"},{"@type":"BreadcrumbList","@id":"https:\/\/kompetenznetzwerk-vietnam.de\/vi\/events\/event\/infoveranstaltung-sprachfoerderung-im-mehrsprachigen-umfeld-auf-vietnamesisch\/#breadcrumb","itemListElement":[{"@type":"ListItem","position":1,"name":"Home","item":"https:\/\/kompetenznetzwerk-vietnam.de\/vi\/"},{"@type":"ListItem","position":2,"name":"Kalender","item":"https:\/\/kompetenznetzwerk-vietnam.de\/vi\/events\/event\/"},{"@type":"ListItem","position":3,"name":"F\u00fcr Zugewanderte","item":"https:\/\/kompetenznetzwerk-vietnam.de\/vi\/events\/category\/zugewanderte\/"},{"@type":"ListItem","position":4,"name":"Infoveranstaltung: Sprachf\u00f6rderung im mehrsprachigen Umfeld (auf Vietnamesisch)"}]},{"@type":"WebSite","@id":"https:\/\/kompetenznetzwerk-vietnam.de\/vi\/#website","url":"https:\/\/kompetenznetzwerk-vietnam.de\/vi\/","name":"KNV - Kompetenznetzwerk Vietnam","description":"","potentialAction":[{"@type":"SearchAction","target":{"@type":"EntryPoint","urlTemplate":"https:\/\/kompetenznetzwerk-vietnam.de\/vi\/?s={search_term_string}"},"query-input":{"@type":"PropertyValueSpecification","valueRequired":true,"valueName":"search_term_string"}}],"inLanguage":"vi"}]}},"_links":{"self":[{"href":"https:\/\/kompetenznetzwerk-vietnam.de\/vi\/wp-json\/wp\/v2\/event\/1372","targetHints":{"allow":["GET"]}}],"collection":[{"href":"https:\/\/kompetenznetzwerk-vietnam.de\/vi\/wp-json\/wp\/v2\/event"}],"about":[{"href":"https:\/\/kompetenznetzwerk-vietnam.de\/vi\/wp-json\/wp\/v2\/types\/event"}],"author":[{"embeddable":true,"href":"https:\/\/kompetenznetzwerk-vietnam.de\/vi\/wp-json\/wp\/v2\/users\/2"}],"wp:attachment":[{"href":"https:\/\/kompetenznetzwerk-vietnam.de\/vi\/wp-json\/wp\/v2\/media?parent=1372"}],"wp:term":[{"taxonomy":"event-venue","embeddable":true,"href":"https:\/\/kompetenznetzwerk-vietnam.de\/vi\/wp-json\/wp\/v2\/event-venue?post=1372"}],"curies":[{"name":"wp","href":"https:\/\/api.w.org\/{rel}","templated":true}]}}