{"id":1063,"date":"2026-02-02T22:21:48","date_gmt":"2026-02-02T21:21:48","guid":{"rendered":"https:\/\/kompetenznetzwerk-vietnam.de\/tu-van-di-dong\/"},"modified":"2026-02-09T16:34:03","modified_gmt":"2026-02-09T15:34:03","slug":"tu-van-di-dong","status":"publish","type":"page","link":"https:\/\/kompetenznetzwerk-vietnam.de\/vi\/tu-van-di-dong\/","title":{"rendered":"T\u01b0 v\u1ea5n di \u0111\u1ed9ng"},"content":{"rendered":"\n<div class=\"wp-block-columns is-layout-flex wp-container-core-columns-is-layout-9d6595d7 wp-block-columns-is-layout-flex\">\n<div class=\"wp-block-column is-layout-flow wp-block-column-is-layout-flow\">\n<h4 class=\"wp-block-heading\">D\u00e0nh cho t\u1ea5t c\u1ea3 ng\u01b0\u1eddi nh\u1eadp c\u01b0 t\u1eeb Vi\u1ec7t Nam, v\u00ed d\u1ee5:<\/h4>\n\n\n\n<ul class=\"wp-block-list v-list\">\n<li class=\"v-list\">m\u1edbi \u0111\u1ebfn \u0110\u1ee9c v\u00e0 c\u1ea7n \u0111\u1ecbnh h\u01b0\u1edbng ban \u0111\u1ea7u (h\u1ecdc ti\u1ebfng \u0110\u1ee9c, nh\u00e0 tr\u1ebb\/tr\u01b0\u1eddng h\u1ecdc, vi\u1ec7c l\u00e0m, c\u00e1c v\u1ea5n \u0111\u1ec1 h\u00e0nh ch\u00ednh),<\/li>\n\n\n\n<li>\u0111ang l\u00e0m vi\u1ec7c v\u00e0 c\u1ea3m th\u1ea5y b\u1ecb \u0111\u1ed1i x\u1eed b\u1ea5t c\u00f4ng,<\/li>\n\n\n\n<li>t\u00ecm ki\u1ebfm h\u1ed7 tr\u1ee3 trong vi\u1ec7c nu\u00f4i d\u1ea1y con em.<\/li>\n\n\n\n<li>g\u1eb7p ph\u1ea3i b\u00f3c l\u1ed9t, b\u1ea1o l\u1ef1c ho\u1eb7c ph\u00e2n bi\u1ec7t ch\u1ee7ng t\u1ed9c v\u00e0 t\u00ecm ki\u1ebfm s\u1ef1 gi\u00fap \u0111\u1ee1 ho\u1eb7c b\u1ea3o v\u1ec7.<\/li>\n<\/ul>\n\n\n\n<h4 class=\"wp-block-heading\">Ch\u00fang t\u00f4i c\u00f3 th\u1ec3 t\u01b0 v\u1ea5n t\u1ea1i n\u01a1i b\u1ea1n mong mu\u1ed1n, n\u01a1i b\u1ea1n tin c\u1eady:<\/h4>\n\n\n\n<ul class=\"wp-block-list v-list\">\n<li>Th\u00f4ng tin &amp; t\u01b0 v\u1ea5n ban \u0111\u1ea7u v\u1ec1 c\u00e1c kh\u1ea3 n\u0103ng h\u1ed7 tr\u1ee3<\/li>\n\n\n\n<li>Gi\u1edbi thi\u1ec7u \u0111\u1ebfn c\u00e1c trung t\u00e2m t\u01b0 v\u1ea5n chuy\u00ean m\u00f4n<\/li>\n\n\n\n<li>(khi c\u1ea7n thi\u1ebft) \u0110\u1ed3ng h\u00e0nh \u0111\u1ebfn c\u00e1c trung t\u00e2m t\u01b0 v\u1ea5n chuy\u00ean bi\u1ec7t v\u00e0 c\u01a1 s\u1edf b\u1ea3o v\u1ec7<\/li>\n<\/ul>\n<\/div>\n\n\n\n<div class=\"wp-block-column is-layout-flow wp-block-column-is-layout-flow\">\n<figure class=\"wp-block-image size-large\"><a href=\"https:\/\/kompetenznetzwerk-vietnam.de\/wp-content\/uploads\/2026\/02\/Flyer-mobile-beratung-a3-1.jpg\" target=\"_blank\" rel=\" noreferrer noopener\"><img loading=\"lazy\" decoding=\"async\" width=\"724\" height=\"1024\" src=\"https:\/\/kompetenznetzwerk-vietnam.de\/wp-content\/uploads\/2026\/02\/Flyer-mobile-beratung-a3-1-724x1024.jpg\" alt=\"\" class=\"wp-image-1117\" srcset=\"https:\/\/kompetenznetzwerk-vietnam.de\/wp-content\/uploads\/2026\/02\/Flyer-mobile-beratung-a3-1-724x1024.jpg 724w, https:\/\/kompetenznetzwerk-vietnam.de\/wp-content\/uploads\/2026\/02\/Flyer-mobile-beratung-a3-1-325x460.jpg 325w, https:\/\/kompetenznetzwerk-vietnam.de\/wp-content\/uploads\/2026\/02\/Flyer-mobile-beratung-a3-1-276x390.jpg 276w, https:\/\/kompetenznetzwerk-vietnam.de\/wp-content\/uploads\/2026\/02\/Flyer-mobile-beratung-a3-1-768x1086.jpg 768w, https:\/\/kompetenznetzwerk-vietnam.de\/wp-content\/uploads\/2026\/02\/Flyer-mobile-beratung-a3-1-1086x1536.jpg 1086w, https:\/\/kompetenznetzwerk-vietnam.de\/wp-content\/uploads\/2026\/02\/Flyer-mobile-beratung-a3-1.jpg 1414w\" sizes=\"auto, (max-width: 724px) 100vw, 724px\" \/><\/a><\/figure>\n<\/div>\n<\/div>\n\n\n\n<hr class=\"wp-block-separator has-alpha-channel-opacity\"\/>\n\n\n\n<p><strong>Li\u00ean h\u1ec7:  <\/strong><\/p>\n\n\n\n<p>FLAT-FAMILY\/ abw gGmbH<\/p>\n\n\n\n<p>Franz-Jacob-Stra\u00dfe 16-18, 10369 Berlin<\/p>\n\n\n\n<p>\u0110i\u1ec7n tho\u1ea1i: +49 1578 050 60 49 (Th\u1ee9 Hai \u2013 Th\u1ee9 N\u0103m: 11\u201317 gi\u1edd)<\/p>\n\n\n\n<p>E-Mail: <a href=\"mailto:amif@abw-berlin.de\">amif@abw-berlin.de<\/a><\/p>\n\n\n\n<figure class=\"wp-block-image size-medium\"><img loading=\"lazy\" decoding=\"async\" width=\"300\" height=\"122\" src=\"https:\/\/kompetenznetzwerk-vietnam.de\/wp-content\/uploads\/2025\/09\/logo-abw-300x122.jpg\" alt=\"\" class=\"wp-image-68\" srcset=\"https:\/\/kompetenznetzwerk-vietnam.de\/wp-content\/uploads\/2025\/09\/logo-abw-300x122.jpg 300w, https:\/\/kompetenznetzwerk-vietnam.de\/wp-content\/uploads\/2025\/09\/logo-abw-1024x417.jpg 1024w, https:\/\/kompetenznetzwerk-vietnam.de\/wp-content\/uploads\/2025\/09\/logo-abw-768x313.jpg 768w, https:\/\/kompetenznetzwerk-vietnam.de\/wp-content\/uploads\/2025\/09\/logo-abw-1536x625.jpg 1536w, https:\/\/kompetenznetzwerk-vietnam.de\/wp-content\/uploads\/2025\/09\/logo-abw-2048x834.jpg 2048w\" sizes=\"auto, (max-width: 300px) 100vw, 300px\" \/><\/figure>\n","protected":false},"excerpt":{"rendered":"<p>D\u00e0nh cho t\u1ea5t c\u1ea3 ng\u01b0\u1eddi nh\u1eadp c\u01b0 t\u1eeb Vi\u1ec7t Nam, v\u00ed d\u1ee5: Ch\u00fang t\u00f4i c\u00f3 th\u1ec3 t\u01b0 v\u1ea5n t\u1ea1i n\u01a1i b\u1ea1n mong mu\u1ed1n, n\u01a1i b\u1ea1n tin c\u1eady: Li\u00ean h\u1ec7: FLAT-FAMILY\/ abw gGmbH Franz-Jacob-Stra\u00dfe 16-18, 10369 Berlin \u0110i\u1ec7n tho\u1ea1i: +49 1578 050 60 49 (Th\u1ee9 Hai \u2013 Th\u1ee9 N\u0103m: 11\u201317 gi\u1edd) E-Mail: amif@abw-berlin.de<\/p>\n","protected":false},"author":2,"featured_media":0,"parent":0,"menu_order":4,"comment_status":"closed","ping_status":"closed","template":"","meta":{"_acf_changed":false,"footnotes":""},"class_list":["post-1063","page","type-page","status-publish","hentry"],"acf":[],"yoast_head":"<!-- This site is optimized with the Yoast SEO plugin v27.5 - https:\/\/yoast.com\/product\/yoast-seo-wordpress\/ -->\n<title>T\u01b0 v\u1ea5n di \u0111\u1ed9ng - KNV - Kompetenznetzwerk Vietnam<\/title>\n<meta name=\"robots\" content=\"index, follow, max-snippet:-1, max-image-preview:large, max-video-preview:-1\" \/>\n<link rel=\"canonical\" href=\"https:\/\/kompetenznetzwerk-vietnam.de\/vi\/tu-van-di-dong\/\" \/>\n<meta property=\"og:locale\" content=\"vi_VN\" \/>\n<meta property=\"og:type\" content=\"article\" \/>\n<meta property=\"og:title\" content=\"T\u01b0 v\u1ea5n di \u0111\u1ed9ng - KNV - Kompetenznetzwerk Vietnam\" \/>\n<meta property=\"og:description\" content=\"D\u00e0nh cho t\u1ea5t c\u1ea3 ng\u01b0\u1eddi nh\u1eadp c\u01b0 t\u1eeb Vi\u1ec7t Nam, v\u00ed d\u1ee5: Ch\u00fang t\u00f4i c\u00f3 th\u1ec3 t\u01b0 v\u1ea5n t\u1ea1i n\u01a1i b\u1ea1n mong mu\u1ed1n, n\u01a1i b\u1ea1n tin c\u1eady: Li\u00ean h\u1ec7: FLAT-FAMILY\/ abw gGmbH Franz-Jacob-Stra\u00dfe 16-18, 10369 Berlin \u0110i\u1ec7n tho\u1ea1i: +49 1578 050 60 49 (Th\u1ee9 Hai \u2013 Th\u1ee9 N\u0103m: 11\u201317 gi\u1edd) E-Mail: amif@abw-berlin.de\" \/>\n<meta property=\"og:url\" content=\"https:\/\/kompetenznetzwerk-vietnam.de\/vi\/tu-van-di-dong\/\" \/>\n<meta property=\"og:site_name\" content=\"KNV - Kompetenznetzwerk Vietnam\" \/>\n<meta property=\"article:modified_time\" content=\"2026-02-09T15:34:03+00:00\" \/>\n<meta property=\"og:image\" content=\"https:\/\/kompetenznetzwerk-vietnam.de\/wp-content\/uploads\/2026\/02\/Flyer-mobile-beratung-a3-1.jpg\" \/>\n\t<meta property=\"og:image:width\" content=\"1414\" \/>\n\t<meta property=\"og:image:height\" content=\"2000\" \/>\n\t<meta property=\"og:image:type\" content=\"image\/jpeg\" \/>\n<meta name=\"twitter:card\" content=\"summary_large_image\" \/>\n<meta name=\"twitter:label1\" content=\"\u01af\u1edbc t\u00ednh th\u1eddi gian \u0111\u1ecdc\" \/>\n\t<meta name=\"twitter:data1\" content=\"2 ph\u00fat\" \/>\n<script type=\"application\/ld+json\" class=\"yoast-schema-graph\">{\"@context\":\"https:\\\/\\\/schema.org\",\"@graph\":[{\"@type\":\"WebPage\",\"@id\":\"https:\\\/\\\/kompetenznetzwerk-vietnam.de\\\/vi\\\/tu-van-di-dong\\\/\",\"url\":\"https:\\\/\\\/kompetenznetzwerk-vietnam.de\\\/vi\\\/tu-van-di-dong\\\/\",\"name\":\"T\u01b0 v\u1ea5n di \u0111\u1ed9ng - KNV - Kompetenznetzwerk Vietnam\",\"isPartOf\":{\"@id\":\"https:\\\/\\\/kompetenznetzwerk-vietnam.de\\\/vi\\\/#website\"},\"primaryImageOfPage\":{\"@id\":\"https:\\\/\\\/kompetenznetzwerk-vietnam.de\\\/vi\\\/tu-van-di-dong\\\/#primaryimage\"},\"image\":{\"@id\":\"https:\\\/\\\/kompetenznetzwerk-vietnam.de\\\/vi\\\/tu-van-di-dong\\\/#primaryimage\"},\"thumbnailUrl\":\"https:\\\/\\\/kompetenznetzwerk-vietnam.de\\\/wp-content\\\/uploads\\\/2026\\\/02\\\/Flyer-mobile-beratung-a3-1-724x1024.jpg\",\"datePublished\":\"2026-02-02T21:21:48+00:00\",\"dateModified\":\"2026-02-09T15:34:03+00:00\",\"breadcrumb\":{\"@id\":\"https:\\\/\\\/kompetenznetzwerk-vietnam.de\\\/vi\\\/tu-van-di-dong\\\/#breadcrumb\"},\"inLanguage\":\"vi\",\"potentialAction\":[{\"@type\":\"ReadAction\",\"target\":[\"https:\\\/\\\/kompetenznetzwerk-vietnam.de\\\/vi\\\/tu-van-di-dong\\\/\"]}]},{\"@type\":\"ImageObject\",\"inLanguage\":\"vi\",\"@id\":\"https:\\\/\\\/kompetenznetzwerk-vietnam.de\\\/vi\\\/tu-van-di-dong\\\/#primaryimage\",\"url\":\"https:\\\/\\\/kompetenznetzwerk-vietnam.de\\\/wp-content\\\/uploads\\\/2026\\\/02\\\/Flyer-mobile-beratung-a3-1-724x1024.jpg\",\"contentUrl\":\"https:\\\/\\\/kompetenznetzwerk-vietnam.de\\\/wp-content\\\/uploads\\\/2026\\\/02\\\/Flyer-mobile-beratung-a3-1-724x1024.jpg\"},{\"@type\":\"BreadcrumbList\",\"@id\":\"https:\\\/\\\/kompetenznetzwerk-vietnam.de\\\/vi\\\/tu-van-di-dong\\\/#breadcrumb\",\"itemListElement\":[{\"@type\":\"ListItem\",\"position\":1,\"name\":\"Home\",\"item\":\"https:\\\/\\\/kompetenznetzwerk-vietnam.de\\\/vi\\\/\"},{\"@type\":\"ListItem\",\"position\":2,\"name\":\"T\u01b0 v\u1ea5n di \u0111\u1ed9ng\"}]},{\"@type\":\"WebSite\",\"@id\":\"https:\\\/\\\/kompetenznetzwerk-vietnam.de\\\/vi\\\/#website\",\"url\":\"https:\\\/\\\/kompetenznetzwerk-vietnam.de\\\/vi\\\/\",\"name\":\"KNV - Kompetenznetzwerk Vietnam\",\"description\":\"\",\"potentialAction\":[{\"@type\":\"SearchAction\",\"target\":{\"@type\":\"EntryPoint\",\"urlTemplate\":\"https:\\\/\\\/kompetenznetzwerk-vietnam.de\\\/vi\\\/?s={search_term_string}\"},\"query-input\":{\"@type\":\"PropertyValueSpecification\",\"valueRequired\":true,\"valueName\":\"search_term_string\"}}],\"inLanguage\":\"vi\"}]}<\/script>\n<!-- \/ Yoast SEO plugin. -->","yoast_head_json":{"title":"T\u01b0 v\u1ea5n di \u0111\u1ed9ng - KNV - Kompetenznetzwerk Vietnam","robots":{"index":"index","follow":"follow","max-snippet":"max-snippet:-1","max-image-preview":"max-image-preview:large","max-video-preview":"max-video-preview:-1"},"canonical":"https:\/\/kompetenznetzwerk-vietnam.de\/vi\/tu-van-di-dong\/","og_locale":"vi_VN","og_type":"article","og_title":"T\u01b0 v\u1ea5n di \u0111\u1ed9ng - KNV - Kompetenznetzwerk Vietnam","og_description":"D\u00e0nh cho t\u1ea5t c\u1ea3 ng\u01b0\u1eddi nh\u1eadp c\u01b0 t\u1eeb Vi\u1ec7t Nam, v\u00ed d\u1ee5: Ch\u00fang t\u00f4i c\u00f3 th\u1ec3 t\u01b0 v\u1ea5n t\u1ea1i n\u01a1i b\u1ea1n mong mu\u1ed1n, n\u01a1i b\u1ea1n tin c\u1eady: Li\u00ean h\u1ec7: FLAT-FAMILY\/ abw gGmbH Franz-Jacob-Stra\u00dfe 16-18, 10369 Berlin \u0110i\u1ec7n tho\u1ea1i: +49 1578 050 60 49 (Th\u1ee9 Hai \u2013 Th\u1ee9 N\u0103m: 11\u201317 gi\u1edd) E-Mail: amif@abw-berlin.de","og_url":"https:\/\/kompetenznetzwerk-vietnam.de\/vi\/tu-van-di-dong\/","og_site_name":"KNV - Kompetenznetzwerk Vietnam","article_modified_time":"2026-02-09T15:34:03+00:00","og_image":[{"width":1414,"height":2000,"url":"https:\/\/kompetenznetzwerk-vietnam.de\/wp-content\/uploads\/2026\/02\/Flyer-mobile-beratung-a3-1.jpg","type":"image\/jpeg"}],"twitter_card":"summary_large_image","twitter_misc":{"\u01af\u1edbc t\u00ednh th\u1eddi gian \u0111\u1ecdc":"2 ph\u00fat"},"schema":{"@context":"https:\/\/schema.org","@graph":[{"@type":"WebPage","@id":"https:\/\/kompetenznetzwerk-vietnam.de\/vi\/tu-van-di-dong\/","url":"https:\/\/kompetenznetzwerk-vietnam.de\/vi\/tu-van-di-dong\/","name":"T\u01b0 v\u1ea5n di \u0111\u1ed9ng - KNV - Kompetenznetzwerk Vietnam","isPartOf":{"@id":"https:\/\/kompetenznetzwerk-vietnam.de\/vi\/#website"},"primaryImageOfPage":{"@id":"https:\/\/kompetenznetzwerk-vietnam.de\/vi\/tu-van-di-dong\/#primaryimage"},"image":{"@id":"https:\/\/kompetenznetzwerk-vietnam.de\/vi\/tu-van-di-dong\/#primaryimage"},"thumbnailUrl":"https:\/\/kompetenznetzwerk-vietnam.de\/wp-content\/uploads\/2026\/02\/Flyer-mobile-beratung-a3-1-724x1024.jpg","datePublished":"2026-02-02T21:21:48+00:00","dateModified":"2026-02-09T15:34:03+00:00","breadcrumb":{"@id":"https:\/\/kompetenznetzwerk-vietnam.de\/vi\/tu-van-di-dong\/#breadcrumb"},"inLanguage":"vi","potentialAction":[{"@type":"ReadAction","target":["https:\/\/kompetenznetzwerk-vietnam.de\/vi\/tu-van-di-dong\/"]}]},{"@type":"ImageObject","inLanguage":"vi","@id":"https:\/\/kompetenznetzwerk-vietnam.de\/vi\/tu-van-di-dong\/#primaryimage","url":"https:\/\/kompetenznetzwerk-vietnam.de\/wp-content\/uploads\/2026\/02\/Flyer-mobile-beratung-a3-1-724x1024.jpg","contentUrl":"https:\/\/kompetenznetzwerk-vietnam.de\/wp-content\/uploads\/2026\/02\/Flyer-mobile-beratung-a3-1-724x1024.jpg"},{"@type":"BreadcrumbList","@id":"https:\/\/kompetenznetzwerk-vietnam.de\/vi\/tu-van-di-dong\/#breadcrumb","itemListElement":[{"@type":"ListItem","position":1,"name":"Home","item":"https:\/\/kompetenznetzwerk-vietnam.de\/vi\/"},{"@type":"ListItem","position":2,"name":"T\u01b0 v\u1ea5n di \u0111\u1ed9ng"}]},{"@type":"WebSite","@id":"https:\/\/kompetenznetzwerk-vietnam.de\/vi\/#website","url":"https:\/\/kompetenznetzwerk-vietnam.de\/vi\/","name":"KNV - Kompetenznetzwerk Vietnam","description":"","potentialAction":[{"@type":"SearchAction","target":{"@type":"EntryPoint","urlTemplate":"https:\/\/kompetenznetzwerk-vietnam.de\/vi\/?s={search_term_string}"},"query-input":{"@type":"PropertyValueSpecification","valueRequired":true,"valueName":"search_term_string"}}],"inLanguage":"vi"}]}},"_links":{"self":[{"href":"https:\/\/kompetenznetzwerk-vietnam.de\/vi\/wp-json\/wp\/v2\/pages\/1063","targetHints":{"allow":["GET"]}}],"collection":[{"href":"https:\/\/kompetenznetzwerk-vietnam.de\/vi\/wp-json\/wp\/v2\/pages"}],"about":[{"href":"https:\/\/kompetenznetzwerk-vietnam.de\/vi\/wp-json\/wp\/v2\/types\/page"}],"author":[{"embeddable":true,"href":"https:\/\/kompetenznetzwerk-vietnam.de\/vi\/wp-json\/wp\/v2\/users\/2"}],"replies":[{"embeddable":true,"href":"https:\/\/kompetenznetzwerk-vietnam.de\/vi\/wp-json\/wp\/v2\/comments?post=1063"}],"version-history":[{"count":0,"href":"https:\/\/kompetenznetzwerk-vietnam.de\/vi\/wp-json\/wp\/v2\/pages\/1063\/revisions"}],"wp:attachment":[{"href":"https:\/\/kompetenznetzwerk-vietnam.de\/vi\/wp-json\/wp\/v2\/media?parent=1063"}],"curies":[{"name":"wp","href":"https:\/\/api.w.org\/{rel}","templated":true}]}}